{"id":13,"date":"2016-12-06T23:04:17","date_gmt":"2016-12-06T22:04:17","guid":{"rendered":"http:\/\/www.yves-salmon.org\/?page_id=13"},"modified":"2024-09-27T13:25:16","modified_gmt":"2024-09-27T11:25:16","slug":"le-projet","status":"publish","type":"page","link":"https:\/\/www.yves-salmon.org\/?page_id=13","title":{"rendered":"Le Projet"},"content":{"rendered":"<h4>La petite histoire :<\/h4>\n<p>2002, je suis analyste financier dans une soci\u00e9t\u00e9 de bourse, en charge des Soci\u00e9t\u00e9s de R&amp;D, j&#8217;\u00e9tudie la valorisation de l&#8217;action d&#8217;Altran Technologies. Suite \u00e0 des d\u00e9convenues, le titre a fortement chut\u00e9. Je calcule alors qu&#8217;il est possible pour les salari\u00e9s de devenir tous collectivement propri\u00e9taires de cette p\u00e9pite intellectuelle (dont ils sont en fait le seul actif) pour un montant inf\u00e9rieur \u00e0 celui d&#8217;un petite voiture citadine. Je prends alors contact avec l&#8217;Association d&#8217;Actionnaires Salari\u00e9s (il y en a quelques uns) d&#8217;Altran et dans cette collaboration le projet \u00e0 muri.<br \/>\nles \u00e9changes sont extraordinairement enrichissant, les traits d&#8217;un projet de plus long terme affin\u00e9s et des liens d&#8217;amiti\u00e9 perdurent encore aujourd&#8217;hui. Dans le cadre de la pr\u00e9paration d&#8217;une formation sur l&#8217;Actionnariat Salari\u00e9 je d\u00e9couvre la formulation pr\u00e9cise, \u00e9tablie un demi si\u00e8cle auparavant, de ce qu&#8217;intuitivement je pr\u00e9sents : La Participation comme outil de r\u00e9conciliation du Travail et du Capital. J\u2019int\u00e8gre la F\u00e9d\u00e9ration des Actionnaires Salari\u00e9s dans le bureau formation et constate qu&#8217;il existe une volont\u00e9 farouche pour certains d&#8217;entre nous de faire vivre et prosp\u00e9rer cette id\u00e9e.<br \/>\nAujourd&#8217;hui plus qu&#8217;hier, j&#8217;ai la conviction que c&#8217;est une voie d&#8217;avenir pour d\u00e9velopper notre \u00e9conomie.<\/p>\n<h4>L&#8217;association du Travail et du Capital.<\/h4>\n<p><a href=\"http:\/\/www.yves-salmon.org\/index.php\/2020\/02\/02\/charles-de-gaulle-allocution-du-29-septembre-1968\/\">Une id\u00e9e lumineuse de Charles De Gaulle<\/a>, inspir\u00e9e par la Gauche Sociale et Catholique.<br \/>\nSi les travailleurs par leur Travail g\u00e9n\u00e8rent du Capital et deviennent par ailleurs des Actionnaires, alors la boucle se referme. Le conflit se r\u00e9sous naturellement. La lutte des classes se dissous. Lorsque un euros suppl\u00e9mentaire de revenu salarial n&#8217;a pas \u00e9t\u00e9 conquis sur de nouveaux march\u00e9s, clients ou concurrents, alors cet euro apparemment gagn\u00e9, appauvri en r\u00e9alit\u00e9 le collaborateur. C&#8217;est la &#8220;Troisi\u00e8me Voie&#8221; entre celle du Capitalisme qui, rendu libre, peut parfois devenir sauvage et celle du Communisme qui, sur l&#8217;autel de l&#8217;int\u00e9r\u00eat collectif, sacrifie celui de l&#8217;individu et de la productivit\u00e9.<\/p>\n<p>Les promoteurs de cette id\u00e9e avaient naturellement imagin\u00e9s que l&#8217;Int\u00e9ressement et la Participation deviennent la source de financement de l&#8217;Actionnariat Salari\u00e9. Permettant ainsi de briser le cercle du capital g\u00e9n\u00e9rant du capital, et du salariat engendrant des salari\u00e9s. Pourtant, aujourd&#8217;hui, si la majorit\u00e9 des entreprises grandes ou petites ont des dispositifs d\u2019\u00e9pargne salariale, seul 4% des entreprises Fran\u00e7aises ont un actionnariat salari\u00e9 et souvent se limite-t-il \u00e0 l&#8217;encadrement.<\/p>\n<h4>Les conditions du succ\u00e8s :<\/h4>\n<ol>\n<li>Un Actionnariat Salari\u00e9 au minimum \u00e0 hauteur de 10 \u00e0 20% du Capital, soit un niveau proche du taux de rentabilit\u00e9 attendu des fonds propres par les actionnaires. Pour arriv\u00e9 \u00e0 cette neutralit\u00e9 travail\/capital, plus le taux de rendement exig\u00e9 des fonds propres est \u00e9lev\u00e9 plus le taux de participation des salari\u00e9s au capital doit \u00eatre \u00e9lev\u00e9 car le multiple de valorisation est plus bas.<br \/>\nPar exemple, si la rentabilit\u00e9 attendue des fonds propres (en regard du risque de l&#8217;entreprise) est de 7%, alors avec un taux d&#8217;actionnariat salari\u00e9 identique (7%) et un multiple de valorisation de 1\/7% = 14.3, le r\u00e9sultat est neutre. Ainsi 1\u20ac de salaire net en moins (modulo l&#8217;imp\u00f4t et les charges sociales) se traduit par 1\u20ac de r\u00e9sultat en plus, correspondant \u00e0 un suppl\u00e9ment de valeur de 1*14.3 = 14.3\u20ac dont les collaborateurs d\u00e9tiennent 7% = 1\u20ac. Ainsi ce qui est perdu en salaire (1\u20ac) est retrouv\u00e9 en plus-value (1\u20ac).<\/li>\n<li>Un Actionnariat Salari\u00e9 incluant tous les collaborateurs de l&#8217;entreprise.<\/li>\n<li>Une part d\u00e9tenu par le salari\u00e9 dans la part collective, proportionnelle \u00e0 la part de sa r\u00e9mun\u00e9ration dans la masse salariale globale.<br \/>\nPar exemple, si le salaire d&#8217;un collaborateur correspond \u00e0 0.60% de la masse salariale globale de son entreprise, alors il doit d\u00e9tenir 0.60% des titres d\u00e9tenus au titre de l&#8217;actionnariat salari\u00e9.<\/li>\n<li>Une structure des r\u00e9mun\u00e9rations au sein de l&#8217;entreprise qui respect un coefficient de Gini de l&#8217;ordre de 30% \u00e0 25%. Cela correspond au niveau <a href=\"https:\/\/fr.wikipedia.org\/wiki\/Liste_des_pays_par_%C3%A9galit%C3%A9_de_revenus\">d&#8217;in\u00e9galit\u00e9 de revenus<\/a> observ\u00e9 dans les pays du Nord de l&#8217;Europe, un niveau qui permet en m\u00eame temps motivation et coh\u00e9sion sociale.<\/li>\n<li>Un financement en priorit\u00e9 par la Participation et l&#8217;Int\u00e9ressement des acquisitions de titres de l&#8217;entreprise au sein d&#8217;un fond d&#8217;Actionnariat Salari\u00e9.<\/li>\n<li>Une liquidit\u00e9 p\u00e9riodique (annuelle) assise sur une valorisation de march\u00e9. Pour le non-cot\u00e9 par des m\u00e9thodes usuelles de valorisation comme les comparables, les Cash-flow libres actualis\u00e9s, etc&#8230;<\/li>\n<li>Une communication p\u00e9riodique sur les \u00e9l\u00e9ments de marche de l&#8217;entreprise, des ses projets, perspectives, objectifs, risques et opportunit\u00e9s, ainsi que de sa valorisation. Ce sont les pr\u00e9rogatives de plein droit des actionnaires.<\/li>\n<li>Une formation de l&#8217;ensemble des effectifs \u00e0 la bonne compr\u00e9hension de ces \u00e9l\u00e9ments.<\/li>\n<\/ol>\n<h3>Les objections :<\/h3>\n<ul>\n<li>\n<h4>Les collaborateurs ne comprendrons pas !<\/h4>\n<ul>\n<li>Si une entreprise n&#8217;emploie que des imb\u00e9ciles, il y a peu de chance qu&#8217;elle r\u00e9siste \u00e0 celles qui emploient des collaborateurs intelligents. Et je ne crois pas \u00e0 l&#8217;imb\u00e9cilit\u00e9, je crois \u00e0 l&#8217;ignorance. Cela se soigne avec de la formation et de l&#8217;information.<\/li>\n<\/ul>\n<\/li>\n<li>\n<h4>Les collaborateurs pr\u00e9f\u00e8rent des augmentations et des primes !<\/h4>\n<ul>\n<li>C&#8217;est donc ce que sont devenus l\u2019Int\u00e9ressement et la Participation ? Des primes collectives dont l&#8217;origine est obscure et que chacun d\u00e9bloque d\u00e8s que possible. Ce qui nous renvoie \u00e0 nos difficult\u00e9s. Pr\u00e9f\u00e9rer\u00a0 la d\u00e9pense \u00e0 l&#8217;\u00e9pargne, le loisir au travail, la facilit\u00e9 \u00e0 l&#8217;effort, le renoncement au courage, etc. C&#8217;est le lot du commun et c&#8217;est aux v\u00e9ritables dirigeants qu&#8217;il revient de montrer le chemin, donner l&#8217;\u00e9nergie, indiquer le cap, insuffler l&#8217;espoir. Sinon pourquoi se trouvent-ils \u00e0 leur poste ? Comment justifient-ils leur r\u00e9mun\u00e9ration ?<\/li>\n<\/ul>\n<\/li>\n<\/ul>\n<h3>Les opposants :<\/h3>\n<p>&nbsp;<\/p>\n<ul>\n<li>\n<h4>Les dirigeants :<\/h4>\n<ul>\n<li>Le dialogue social s&#8217;en trouve compliqu\u00e9 pour eux. Leur mandat d\u00e9pend des actionnaires. Pour le conserver ils doivent maximiser les profits. Cela leur \u00f4te un levier : celui de la compression des co\u00fbts par la r\u00e9duction des salaires. En effet ils peuvent avoir des actionnaires salari\u00e9s qui r\u00e9sistent fortement \u00e0 cela. La seule voie qui leur reste ouverte est la conqu\u00eate de nouveaux march\u00e9s et la performance. Seuls ceux qui ont les comp\u00e9tences, l&#8217;intelligence, le courage, la confiance et la loyaut\u00e9 de leur collaborateurs sont en mesure de satisfaire \u00e0 cette approche, tous les autres s&#8217;y opposeront farouchement.<\/li>\n<\/ul>\n<\/li>\n<li>\n<h4>Les syndicats :<\/h4>\n<ul>\n<li>Dans un monde bipolaire clair et simple, deux mondes s&#8217;affrontent : Travail vs Capital. Chacun \u00e0 ses troupes, ses leaders, ses principes &#8230; son pouvoir. Les d\u00e9l\u00e9gu\u00e9s syndicaux sont les h\u00e9rauts du Travail et les dirigeants ceux du Capital. Dans la vision de l&#8217;Actionnariat salari\u00e9 les fronti\u00e8res s&#8217;estompent. La simple qu\u00eate du pouvoir d&#8217;achat par la lutte syndicale ne suffit plus. La pr\u00e9servation des acquis sociaux n&#8217;est plus une finalit\u00e9. Les revendications salariales sont plus complexes \u00e0 n\u00e9gocier en raison de leur effet de r\u00e9troaction sur la valeur de la participation. M\u00eame dilemme que les dirigeants.<\/li>\n<\/ul>\n<\/li>\n<li>\n<h4>Les collaborateurs :<\/h4>\n<ul>\n<li>Certains ne sont peut-\u00eatre pas pr\u00eats \u00e0 s&#8217;engager. Cela peut-il en faire de bons compagnons de route ? Heureusement les temps changent et dans l&#8217;\u00e9conomie num\u00e9rique fran\u00e7aise, la g\u00e9n\u00e9ration qui arrive dans les jeunes pousses est avide de capital et de sens dans leur missions et leurs fonctions. A l&#8217;instar des start-up am\u00e9ricaine, Google, Facebook,\u00a0 Apple, etc&#8230; qui ont rendu &#8220;riches&#8221; de simples collaborateurs.<\/li>\n<\/ul>\n<\/li>\n<\/ul>\n<h3>Mes atouts (cf CV) :<\/h3>\n<ul>\n<li>Exp\u00e9rience des march\u00e9s financiers.<\/li>\n<li>Exp\u00e9rience de l&#8217;Analyse Financi\u00e8re.<\/li>\n<li>Exp\u00e9rience p\u00e9dagogique de la formation \u00e0 l&#8217;analyse financi\u00e8re et \u00e0 l&#8217;actionnariat salari\u00e9.<\/li>\n<li>Exp\u00e9rience du Management.<\/li>\n<li>Exp\u00e9rience de l&#8217;Actionnariat Salari\u00e9.<\/li>\n<li>Exp\u00e9rience du management de projets et des femmes et hommes qui les r\u00e9alisent.<\/li>\n<li>Exp\u00e9rience de la fili\u00e8re Bancaire et un bon r\u00e9seau au sein de BPVF.<\/li>\n<li>Un go\u00fbt prononc\u00e9 pour l&#8217;innovation et les nouvelles technologies.<\/li>\n<\/ul>\n<h3>La strat\u00e9gie :<\/h3>\n<ul>\n<li>\n<h4>Soutenir en priorit\u00e9 le d\u00e9veloppement des PME-PME, ETI<\/h4>\n<ul>\n<li>Ce sont les germes de nos &#8220;grandes entreprises&#8221; de demain.<\/li>\n<li>Ce sont celles qui sont sans doute les plus conscientes de leur capital humain. Tout le monde s&#8217;y connait, la solidarit\u00e9 dans une entreprise petite (et donc fragile) doit y \u00eatre plus forte.<\/li>\n<li>Ce sont, pour certaines d&#8217;entre elles, le creuset o\u00f9 des nouvelles formes d\u2019organisation, de production peuvent s&#8217;\u00e9panouir.<\/li>\n<li>Ce sont celles qui trouvent le plus difficilement de financements en regard du niveau de risque qu&#8217;elles repr\u00e9sentent.<\/li>\n<li>Certaines peuvent \u00eatre en difficult\u00e9s et pr\u00eates \u00e0 envisager plus de partage de la valeur &#8230; et du risque.<\/li>\n<\/ul>\n<\/li>\n<li>\n<h4>Favoriser le d\u00e9veloppement des entreprises favorables \u00e0 l&#8217;Actionnariat Salari\u00e9<\/h4>\n<ul>\n<li>En leur fournissant du capital,<\/li>\n<li>En les accompagnant dans leur d\u00e9veloppement et leur organisation,<\/li>\n<li>En leur proposant des formations \u00e0 l&#8217;Actionnariat salari\u00e9,<\/li>\n<li>En leur proposant l&#8217;animation annuelle de la pr\u00e9sentation des comptes et r\u00e9sultats de l&#8217;entreprise aux collaborateurs sous une forme p\u00e9dagogique,<\/li>\n<li>En les accompagnant dans la relation avec les partenaires financiers,<\/li>\n<li>En leur proposant un service d&#8217;\u00e9valuation financi\u00e8re et de valorisation,<\/li>\n<li>En g\u00e9rant un march\u00e9 secondaire de leurs titres non-cot\u00e9s,<\/li>\n<\/ul>\n<\/li>\n<\/ul>\n<h3>La tactique :<\/h3>\n<ul>\n<li>Acqu\u00e9rir une l\u00e9gitim\u00e9 dans la gestion des PME-PMI\n<ul>\n<li><span style=\"color: #0000ff;\">[01\/01\/2015-01\/02\/2020] Dirigeant de VDFT, SASU SIREN\u00a0753\u00a0742\u00a0626. <\/span><br \/>\n<span style=\"color: #0000ff;\">Redressement de la structure. Probl\u00e9matiques strat\u00e9giques, commerciales, juridique, Relations Humaines, informatiques, conformit\u00e9&#8230; 2014:10 ventes, CA 70K\u20ac, pertes 150K\u20ac =&gt; 2019:100 ventes, CA 800K\u20ac, b\u00e9n\u00e9fices 90K\u20ac. ROE 17%.<\/span><\/li>\n<\/ul>\n<\/li>\n<li>Acqu\u00e9rir une l\u00e9gitimit\u00e9 avec un dipl\u00f4me reconnu d&#8217;une grande \u00e9cole de management.\n<ul>\n<li><span style=\"color: #0000ff;\">[04\/04\/2020 : Executive Master MANAGER DIRIGEANT, ESCP EUROPE, Niveau I\/7, <a style=\"color: #0000ff;\" href=\"https:\/\/certificationprofessionnelle.fr\/recherche\/rncp\/30814\">RNCP30814<\/a>, <a href=\"https:\/\/www.legifrance.gouv.fr\/affichTexte.do;jsessionid=A941CE92C3F90F5FC5B5804AF514FA3C.tplgfr22s_1?cidTexte=JORFTEXT000034449989&amp;dateTexte=&amp;oldAction=rechJO&amp;categorieLien=id&amp;idJO=JORFCONT000034449675\">D\u00e9cret du 07\/04\/2017-JO du 21\/04\/2017<\/a>]<\/span><\/li>\n<\/ul>\n<\/li>\n<li>Acqu\u00e9rir une expertise dans le financement de PME-PMI :\n<ul>\n<li><span style=\"color: #0000ff;\">[01\/02\/2020] : Int\u00e9gration de l&#8217;Agence Entreprise du Chesnay (BPVF), comme Charg\u00e9 d&#8217;Affaires Junior.<\/span><\/li>\n<li><span style=\"color: #0000ff;\">[01\/02\/2022] : Charg\u00e9 d&#8217;affaires Entreprise, r\u00e9f\u00e9rent Innovation.<\/span><\/li>\n<\/ul>\n<\/li>\n<li>Entrer en relation avec de jeunes dirigeants d&#8217;entreprise en g\u00e9n\u00e9ral plus ouverts \u00e0 un partage de la valeur via :\n<ul>\n<li>Les incubateurs d&#8217;\u00e9coles d&#8217;ing\u00e9nieurs,<\/li>\n<li>PACTE PME <a href=\"https:\/\/www.pactepme.org\/\">https:\/\/www.pactepme.org\/<\/a>\n<ul>\n<li>Fran\u00e7ois PERRET, son DG, vu sur BSMART, et qui semble convaincu de l&#8217;importance de donner du sens \u00e0 l&#8217;entreprise au-del\u00e0 du seul aspect de la profitabilit\u00e9.<\/li>\n<\/ul>\n<\/li>\n<li>BPI France,<\/li>\n<li>Les clubs et\u00a0 r\u00e9seaux de Business Angels\n<ul>\n<li><a href=\"https:\/\/gust.com\/fr\/\">Gust<\/a><\/li>\n<\/ul>\n<\/li>\n<li>Les incubateurs\n<ul>\n<li><a href=\"http:\/\/www.bge.asso.fr\/\">BGE<\/a>\n<ul>\n<li><a href=\"http:\/\/www.bge.asso.fr\/nous-sommes\/notre-equipe.html\">Jean-Luc Vergne<\/a> : Pdt =&gt;De 2009 \u00e0 2011, il a occup\u00e9 la fonction de Directeur G\u00e9n\u00e9ral, membre du directoire, DRH du groupe BPCE.<\/li>\n<\/ul>\n<\/li>\n<li><a href=\"http:\/\/www.incuballiance.fr\/\">INCUBALLIANCE<\/a><\/li>\n<\/ul>\n<\/li>\n<\/ul>\n<\/li>\n<li>Entrer en relation avec les sp\u00e9cialistes de l\u2019\u00c9pargne Salariale :\n<ul>\n<li>Natixis Inter-\u00e9pargne\n<ul>\n<li>Passerelle groupe BPCE ?<\/li>\n<\/ul>\n<\/li>\n<li><a href=\"https:\/\/www.eres-group.com\/\">\u00c8res<\/a>, A priori le plus proche de ma philosophie.\n<ul>\n<li>J\u00e9r\u00f4me Dedeyan<\/li>\n<li>Nicolas Vachon<\/li>\n<li>Herv\u00e9 Righenzi de Villers<\/li>\n<li>Olivier de Fontenay<\/li>\n<\/ul>\n<\/li>\n<li>Humanis :\n<ul>\n<li>Tanguy Du Ch\u00e8n\u00e8 (Ex DRH Gpe BP) \/ <a href=\"http:\/\/odissee.org\/\">ODISSEE<\/a><\/li>\n<\/ul>\n<\/li>\n<li><a href=\"http:\/\/www.equaliscapital.com\/\">Equalis Capital<\/a> :\n<ul>\n<li>Jean-Philippe Debas (Pr\u00e9sident)<\/li>\n<li>Matthieu Courbon (DG)<\/li>\n<li>Philippe Dubosq (Dir Op\u00e9rations)<\/li>\n<li>Giovanni di Francesco (S\u00e9nior Advisor)<\/li>\n<\/ul>\n<\/li>\n<\/ul>\n<\/li>\n<li>Entrer en relation avec les apporteurs de Fonds Propres :\n<ul>\n<li>Fonds de Private Equity<\/li>\n<li>Club de Business Angels\n<ul>\n<li><span style=\"color: #0000ff;\">[2018-2020 ] participation active \u00e0 un r\u00e9seau de Business Angels : r\u00e9union de pr\u00e9sentation des projets, instruction compl\u00e8te de 2 dossiers d&#8217;investissements (refus\u00e9s). Les investissements r\u00e9alis\u00e9s \u00e9taient peu nombreux et pour l&#8217;un d&#8217;entre-eux contraire \u00e0 mon \u00e9thique (crypto-actifs) =&gt; abandon. Une exp\u00e9rience instructive et globalement positive compte tenu du nombre de personnalit\u00e9s remarquables rencontr\u00e9es en ces occasions.<\/span><\/li>\n<\/ul>\n<\/li>\n<li>BPI France (Garantie) &#8230; mais public, donc d\u00e9pendant des al\u00e9as politiques.<\/li>\n<li>Plateformes de Crowd-Funding\n<ul>\n<li>Monter une plateforme r\u00e9serv\u00e9e exclusivement aux PME-PMI qui r\u00e9pondent aux caract\u00e9ristiques des &#8220;Conditions de succ\u00e8s&#8221; cit\u00e9es plus haut.<\/li>\n<li><span style=\"color: #0000ff;\">[depuis 01\/01\/2018] ; Adh\u00e9rent \u00e0 titre priv\u00e9 \u00e0 la <a href=\"https:\/\/financeparticipative.org\/\">F\u00e9d\u00e9ration Participatif France<\/a> (FPF).<\/span><\/li>\n<li><span style=\"color: #0000ff;\">[Activit\u00e9 cess\u00e9e en 2023] : Pas assez de financement en Fonds Propres, trop de financements immobiliers sp\u00e9culatifs.<\/span><\/li>\n<\/ul>\n<\/li>\n<\/ul>\n<\/li>\n<li>Entrer en relation avec les conseils des entreprises :\n<ul>\n<li>Avocats,<\/li>\n<li>Comptables<\/li>\n<\/ul>\n<\/li>\n<li>Entrer en relation avec les Partenaires Sociaux :\n<ul>\n<li>Syndicats (Bien qu&#8217;a priori ils soient dans la cat\u00e9gorie Opposants)\n<ul>\n<li>CFE-CGC : Carole COUVERT<\/li>\n<\/ul>\n<\/li>\n<\/ul>\n<\/li>\n<li style=\"text-align: left;\">Entrer en relations avec les hommes politiques \u00e0 priori favorables \u00e0 cette id\u00e9e.\n<ul>\n<li><\/li>\n<\/ul>\n<\/li>\n<li>Entrer en relation avec des chefs d&#8217;entreprise favorables \u00e0 cette id\u00e9e :\n<ul>\n<li>Guillaume RICHARD : <a href=\"https:\/\/fr.wikipedia.org\/wiki\/Oui_Care\">OUI CARE<\/a>\u00a0(cf article <a href=\"http:\/\/www.yves-salmon.org\/wp-admin\/post.php?post=403\">BFM BUSINESS<\/a>)<\/li>\n<li><\/li>\n<\/ul>\n<\/li>\n<\/ul>\n<h3>Les sources de revenus :<\/h3>\n<p>Difficile de pr\u00e9tendre accompagner des cr\u00e9ateurs d&#8217;entreprise sur le chemin de la croissance et du d\u00e9veloppement, sans \u00eatre force d&#8217;exemple et donc d\u00e9montrer un d\u00e9veloppement profitable.<\/p>\n<p>L&#8217;offre repose sur un package<\/p>\n<h4>La Formation :<\/h4>\n<ul>\n<li>Proposer une formation grand public \u00e0 destination des collaborateurs sur :\n<ul>\n<li>L&#8217;analyse financi\u00e8re de l&#8217;entreprise : comprendre la cr\u00e9ation et la r\u00e9partition de la Valeur.<\/li>\n<li>La valorisation d&#8217;entreprise<\/li>\n<li>L&#8217;actionnariat salari\u00e9s et ses dispositifs<\/li>\n<\/ul>\n<\/li>\n<\/ul>\n<h4>La Gestion Private Equity :<\/h4>\n<ul>\n<li>Proposer un fond d&#8217;entreprises non-cot\u00e9es r\u00e9pondant aux crit\u00e8res de Management \u00c9quitable.\n<ul>\n<li>Capitaliser sur l&#8217;exp\u00e9rience de valorisation, d&#8217;analyse financi\u00e8re, de Gestion Mandat\u00e9e et de management.<\/li>\n<li>Offrir une liquidit\u00e9 aux collaborateurs engag\u00e9s dans l&#8217;Actionnariat Salari\u00e9 dans le non-cot\u00e9.<\/li>\n<\/ul>\n<\/li>\n<\/ul>\n<p>&nbsp;<\/p>\n<p>&nbsp;<\/p>\n<p>&nbsp;<\/p>\n<p>&nbsp;<\/p>\n<p>&nbsp;<\/p>\n","protected":false},"excerpt":{"rendered":"<p>La petite histoire : 2002, je suis analyste financier dans une soci\u00e9t\u00e9 de bourse, en charge des Soci\u00e9t\u00e9s de R&amp;D, j&#8217;\u00e9tudie la valorisation de l&#8217;action&#8230;<\/p>\n","protected":false},"author":1,"featured_media":0,"parent":0,"menu_order":0,"comment_status":"closed","ping_status":"closed","template":"","meta":{"footnotes":""},"class_list":["post-13","page","type-page","status-publish","hentry"],"_links":{"self":[{"href":"https:\/\/www.yves-salmon.org\/index.php?rest_route=\/wp\/v2\/pages\/13","targetHints":{"allow":["GET"]}}],"collection":[{"href":"https:\/\/www.yves-salmon.org\/index.php?rest_route=\/wp\/v2\/pages"}],"about":[{"href":"https:\/\/www.yves-salmon.org\/index.php?rest_route=\/wp\/v2\/types\/page"}],"author":[{"embeddable":true,"href":"https:\/\/www.yves-salmon.org\/index.php?rest_route=\/wp\/v2\/users\/1"}],"replies":[{"embeddable":true,"href":"https:\/\/www.yves-salmon.org\/index.php?rest_route=%2Fwp%2Fv2%2Fcomments&post=13"}],"version-history":[{"count":57,"href":"https:\/\/www.yves-salmon.org\/index.php?rest_route=\/wp\/v2\/pages\/13\/revisions"}],"predecessor-version":[{"id":505,"href":"https:\/\/www.yves-salmon.org\/index.php?rest_route=\/wp\/v2\/pages\/13\/revisions\/505"}],"wp:attachment":[{"href":"https:\/\/www.yves-salmon.org\/index.php?rest_route=%2Fwp%2Fv2%2Fmedia&parent=13"}],"curies":[{"name":"wp","href":"https:\/\/api.w.org\/{rel}","templated":true}]}}