{"id":2,"date":"2016-12-05T20:47:02","date_gmt":"2016-12-05T19:47:02","guid":{"rendered":"http:\/\/www.yves-salmon.org\/?page_id=2"},"modified":"2024-09-27T13:25:25","modified_gmt":"2024-09-27T11:25:25","slug":"page-d-exemple","status":"publish","type":"page","link":"https:\/\/www.yves-salmon.org\/","title":{"rendered":"Aequus Libra"},"content":{"rendered":"<p>Aequus Libra : traduit du latin, cela donne en fran\u00e7ais : &#8220;poids \u00e9gal&#8221;, c&#8217;est la racine du mot &#8220;\u00c9quilibre&#8221;.<br \/>\nDe cette qualit\u00e9 d&#8217;\u00e9galit\u00e9, le latin en a fait un nom f\u00e9minin &#8220;Aequitas&#8221; qui donne au fran\u00e7ais celui d&#8217;\u00c9quit\u00e9. L&#8217;\u00e9quit\u00e9 d\u00e9finit la ligne entre le juste et l&#8217;injuste. Elle inspire la balance du commerce et de la finance qui \u00e9value le risque et le b\u00e9n\u00e9fice ou bien celle de la justice des hommes qui p\u00e8se le pour et le contre, l&#8217;infraction et la r\u00e9paration, le crime et la peine. La voie du milieu, celle de l&#8217;\u00e9quilibre et de l\u2019\u00e9quit\u00e9, est \u00e9troite. Par d\u00e9finition c&#8217;est un point pr\u00e9cis et \u00e9ph\u00e9m\u00e8re perdu au milieu d&#8217;un oc\u00e9an de d\u00e9s\u00e9quilibre, un fil tendu au dessus de deux ab\u00eemes. C&#8217;est le risque d&#8217;une chute et c&#8217;est la gloire d&#8217;\u00eatre debout. C&#8217;est donc un sentier p\u00e9rilleux, mais tellement exaltant pour celui qui l&#8217;emprunte.\u00a0 Y en a-t-il un autre pour un humain digne de ce nom ?<\/p>\n<p>La col\u00e8re, cette br\u00e8ve folie, est la fille obscure de l\u2019in\u00e9quit\u00e9. Derri\u00e8re chaque rage, il existe un sentiment de profonde injustice. Derri\u00e8re chaque homme ou femme en col\u00e8re, il y a une \u00e2me qui souffre.<\/p>\n<p>Cela fait de l&#8217;\u00e9quit\u00e9 une notion essentielle \u00e0 des relations sereines dans toute organisation humaine. Plan\u00e8te, nation, entreprise, amis, famille, couple &#8230; A chaque \u00e9chelle, l&#8217;\u00e9quit\u00e9 gouverne l&#8217;harmonie qui y r\u00e8gne. Dans les maux de notre histoire on trouve la trace d&#8217;une rupture du sentiment d&#8217;\u00e9quit\u00e9. La haine, la violence, l&#8217;intol\u00e9rance se justifient aux yeux de ceux qui les perp\u00e9tuent par une volont\u00e9 de r\u00e9tablir un grief qui, de leur point de vue, leur a \u00e9t\u00e9 fait. Les victimes d&#8217;hier, deviennent les bourreaux du lendemain et la spirale des conflits se perp\u00e9tue \u00e0 travers les \u00e2ges et les g\u00e9n\u00e9rations, l&#8217;injustice engendrant l&#8217;injustice. Reconna\u00eetre les torts, n\u00e9gocier les r\u00e9parations, obtenir la r\u00e9conciliation, c&#8217;est la solution aux conflits en Afrique, en Am\u00e9rique de Sud, au Tibet, en Ukraine, en \u00c9gypte, en Libye, en Turquie, en Syrie, au Liban, en Palestine, en Inde, au Pakistan, en Afghanistan &#8230; pour ne citer que les plus modernes et les plus m\u00e9diatiques. C&#8217;est le r\u00f4le des organisations qui \u0153uvrent pour la paix et celui des tribunaux internationaux.<\/p>\n<p>Il est un autre conflit, plus ancien, plus universel et moins sanglant, qui m\u2019int\u00e9resse. Ouvriers contre Patrons, Actionnaires contre Salari\u00e9s, Dirigeants contre collaborateurs &#8230; Et dans ce cadre, ce n&#8217;est pas le temps perdu en gr\u00e8ves qui compte le plus. C&#8217;est celui o\u00f9, chaque jour, un collaborateur ne consacre pas la totalit\u00e9 de son temps au service de la satisfaction des clients de son entreprise et donc de son d\u00e9veloppement. C&#8217;est cette gr\u00e8ve du z\u00e8le rampante qui tue nos entreprises, notre croissance, notre administration, notre enseignement, notre \u00e9conomie, notre jeunesse et notre pays.<\/p>\n<p>Cette vision cultiv\u00e9e depuis le jour o\u00f9 un homme en a fait travailler un autre \u00e0 son service est le socle de la lutte des classes. Pourtant elle semble l\u00e9gitime cette lutte. Pourquoi produire plus quand on a le sentiment de ne pas b\u00e9n\u00e9ficier de mani\u00e8re \u00e9quitable des retomb\u00e9es de nos efforts ? Quand ce sont les riches, les puissants, les banquiers, les actionnaires, les &#8220;1%&#8221;, qui semblent r\u00e9colter les fruits de notre labeur.\u00a0 Elle s&#8217;est justifi\u00e9e et se justifie encore dans le contexte actuel. Le rapport de force Syndicat\/Patronat tient les choses \u00e0 peu pr\u00e8s en ordre mais au prix d&#8217;un immense g\u00e2chis d&#8217;\u00e9nergie.<\/p>\n<p>Je crois, profond\u00e9ment, sinc\u00e8rement, qu&#8217;il existe une solution au probl\u00e8me de cette lutte s\u00e9culaire, st\u00e9rile\u00a0 et contre-productive qui oppose Travail et Capital. Je crois qu&#8217;il est possible de r\u00e9unir les deux t\u00eates de Janus, de restaurer la confiance et r\u00e9tablir le sentiment d&#8217;\u00e9quit\u00e9 sans lequel l&#8217;Engagement de tous les acteurs de l&#8217;entreprise est impossible. Cet Engagement qui transforme un collaborateur en Collabor-Acteur. C&#8217;est \u00e0 dire un individu dont l&#8217;\u00e9nergie est totalement investie dans le succ\u00e8s de son groupe, car il sait qu&#8217;il en tirera une satisfaction, une reconnaissance et une r\u00e9mun\u00e9ration &#8220;\u00e9quitable&#8221;.<\/p>\n<p>C&#8217;est \u00e0 la mise en \u0153uvre de cette solution, <a href=\"http:\/\/www.yves-salmon.org\/?page_id=13\">de ce projet<\/a>, que je souhaite me consacrer, au service de ma nation, la France. Cette solution n&#8217;est ni simple, ni facile. Elle exige du courage, de la d\u00e9termination, de la g\u00e9n\u00e9rosit\u00e9, de l&#8217;empathie et de l&#8217;intelligence &#8230; toutes ses qualit\u00e9s qui feront que notre soci\u00e9t\u00e9 sera \u00e9quitable &#8230; ou ne durera pas ! C&#8217;est une question d&#8217;\u00e9quilibre.<\/p>\n","protected":false},"excerpt":{"rendered":"<p>Aequus Libra : traduit du latin, cela donne en fran\u00e7ais : &#8220;poids \u00e9gal&#8221;, c&#8217;est la racine du mot &#8220;\u00c9quilibre&#8221;. De cette qualit\u00e9 d&#8217;\u00e9galit\u00e9, le latin&#8230;<\/p>\n","protected":false},"author":1,"featured_media":0,"parent":0,"menu_order":0,"comment_status":"closed","ping_status":"open","template":"","meta":{"footnotes":""},"class_list":["post-2","page","type-page","status-publish","hentry"],"_links":{"self":[{"href":"https:\/\/www.yves-salmon.org\/index.php?rest_route=\/wp\/v2\/pages\/2","targetHints":{"allow":["GET"]}}],"collection":[{"href":"https:\/\/www.yves-salmon.org\/index.php?rest_route=\/wp\/v2\/pages"}],"about":[{"href":"https:\/\/www.yves-salmon.org\/index.php?rest_route=\/wp\/v2\/types\/page"}],"author":[{"embeddable":true,"href":"https:\/\/www.yves-salmon.org\/index.php?rest_route=\/wp\/v2\/users\/1"}],"replies":[{"embeddable":true,"href":"https:\/\/www.yves-salmon.org\/index.php?rest_route=%2Fwp%2Fv2%2Fcomments&post=2"}],"version-history":[{"count":44,"href":"https:\/\/www.yves-salmon.org\/index.php?rest_route=\/wp\/v2\/pages\/2\/revisions"}],"predecessor-version":[{"id":500,"href":"https:\/\/www.yves-salmon.org\/index.php?rest_route=\/wp\/v2\/pages\/2\/revisions\/500"}],"wp:attachment":[{"href":"https:\/\/www.yves-salmon.org\/index.php?rest_route=%2Fwp%2Fv2%2Fmedia&parent=2"}],"curies":[{"name":"wp","href":"https:\/\/api.w.org\/{rel}","templated":true}]}}